{"id":5247,"date":"2019-10-09T15:01:59","date_gmt":"2019-10-09T15:01:59","guid":{"rendered":"http:\/\/place-network.org\/?page_id=5247"},"modified":"2020-01-14T09:02:20","modified_gmt":"2020-01-14T09:02:20","slug":"mims-2","status":"publish","type":"page","link":"https:\/\/place-network.org\/fr\/mims-2\/","title":{"rendered":"Mon image, mon histoire"},"content":{"rendered":"<p>[et_pb_section fb_built=\u201d1\u2033 custom_padding_last_edited=\u201don|phone\u201d d\u00e9sactiv\u00e9_on=\u201doff|on|on\u201d _builder_version=\u201d3.27.4\u2033 background_color=\u201d#E95226\u2033 background_color_gradient_direction=\u201d191deg\u201d custom_padding=\u201d||1px||false| false\u201d custom_padding_phone=\u201d||3vw||false|false\u201d fb_built=\u201d1\u2033 _i=\u201d0\u2033 _address=\u201d0\u2033][et_pb_row _builder_version=\u201d3.27.4\u2033 width=\u201d100%\u201d max_width=\u201d90%\u201d custom_margin_last_edited =\u201dsur|t\u00e9l\u00e9phone\u201d _i=\u201d0\u2033 _address=\u201d0.0\u2033][et_pb_column type=\u201d4_4\u2033 _builder_version=\u201d3.27.4\u2033 _i=\u201d0\u2033 _address=\u201d0.0.0\u2033][et_pb_image src=\u201dhttp :\/\/place-network.org\/wp-content\/uploads\/2019\/10\/Asset-1.png\u201d _builder_version=\u201d3.27.4\u2033 max_width=\u201d60vw\u201d module_alignment=\u201dcenter\u201d _i=\u201d0\u2033 _address=\u201d 0.0.0.0\u2033][\/et_pb_image][et_pb_text _builder_version=\u201d3.27.4\u2033 _i=\u201d1\u2033 _address=\u201d0.0.0.1\u2033]<\/p>\n<h3 style=\"text-align: center;\"><span style=\"color: #ffffff;\"><strong>Mon image, mon histoire est le programme de leadership phare de PLACE destin\u00e9 aux migrants et aux r\u00e9fugi\u00e9s afin d&#039;explorer leur potentiel en tant que leaders dans une Europe en \u00e9volution rapide.<\/strong><\/span><\/h3>\n<p>[\/et_pb_text][\/et_pb_column][\/et_pb_row][\/et_pb_section][et_pb_section fb_built=\u201d1\u2033 custom_padding_last_edited=\u201don|phone\u201d d\u00e9sactiv\u00e9_on=\u201don|off|off\u201d _builder_version=\u201d3.27.4\u2033 use_background_color_gradient=\u201don &quot; background_color_gradient_start = &quot;#FF6633&quot; background_color_gradient_end = &quot;#ffffff&quot; background_color_gradient_direction = &quot;191deg&quot; background_color_gradient_start_position = &quot;65%&quot; background_color_gradient_end_position = &quot;65%&quot; custom_padding = &quot;||1px||false|false&quot; custom_padding_phone= \u201d||30vw||faux|faux\u201d fb_built=\u201d1\u2033 _i=\u201d1\u2033 _address=\u201d1\u2033][et_pb_row column_structure=\u201d2_5,3_5\u2033 _builder_version=\u201d3.27.4\u2033 width=\u201d100%\u201d max_width=\u201d90%\u201d custom_margin_last_edited=\u201don|phone\u201d _i =\u201d0\u2033 _address=\u201d1.0\u2033][et_pb_column type=\u201d2_5\u2033 _builder_version=\u201d3.27.4\u2033 _i=\u201d0\u2033 _address=\u201d1.0.0\u2033][et_pb_image src=\u201dhttp:\/\/place-network. &quot; gauche\u201d _i=\u201d0\u2033 _address=\u201d1.0.0.0\u2033][\/et_pb_image][\/et_pb_column][et_pb_column type=\u201d3_5\u2033 _builder_version=\u201d3.27.4\u2033 _i=\u201d1\u2033 _address=\u201d1.0.1\u2033] [et_pb_text _builder_version=\u201d3.27.4\u2033 header_3_text_color=\u201d#ffffff\u201d header_4_text_align=\u201dcenter\u201d header_4_text_color=\u201d#ffffff\u201d custom_margin_tablet=\u201d-30vw||||false|false\u201d custom_margin_phone=\u201d-28vw||||false|false\u201d custom_margin_last_edited=\u201dsur|tablette\u201d custom_padding=\u201d||||false|false\u201d custom_padding_tablet=\u201d||15vw|26vw|false|false\u201d custom_padding_last_edited=\u201dsur|desktop\u201d _i=\u201d0\u2033 _address=\u201d1.0.1.0\u2033 ]<\/p>\n<h3 style=\"text-align: right;\"><strong>Mon image, mon histoire est le programme de leadership phare de PLACE destin\u00e9 aux migrants et aux r\u00e9fugi\u00e9s afin d&#039;explorer leur potentiel en tant que leaders dans une Europe en \u00e9volution rapide.<\/strong><\/h3>\n<p>[\/et_pb_text][\/et_pb_column][\/et_pb_row][\/et_pb_section][et_pb_section fb_built=\u201d1\u2033 _builder_version=\u201d3.27.4\u2033 custom_margin_phone=\u201d||||false|false\u201d custom_margin_last_edited=\u201dsur|t\u00e9l\u00e9phone\u201d fb_built= \u201d1\u2033 _i=\u201d2\u2033 _address=\u201d2\u2033][et_pb_row column_structure=\u201d1_2,1_2\u2033 _builder_version=\u201d3.27.4\u2033 width=\u201d100%\u201d max_width=\u201d100%\u201d _i=\u201d0\u2033 _address=\u201d2.0\u2033 ][et_pb_column type=\u201d1_2\u2033 _builder_version=\u201d3.27.4\u2033 _i=\u201d0\u2033 _address=\u201d2.0.0\u2033][et_pb_text _builder_version=\u201d3.27.4\u2033 header_5_font=\u201dMontserrat||||||||\u201d header_5_text_color=\u201d#414042\u2033 header_5_font_size=\u201d18px\u201d header_5_line_height=\u201d1.8em\u201d custom_padding=\u201d|||10vw|false|false\u201d custom_padding_tablet=\u201d|3vw||3vw|false|true\u201d custom_padding_phone=\u201d|6vw||6vw| false|true\u201d custom_padding_last_edited=\u201dsur|t\u00e9l\u00e9phone\u201d header_5_line_height_last_edited=\u201dsur|desktop\u201d _i=\u201d0\u2033 _address=\u201d2.0.0.0\u2033]<\/p>\n<h5>En tant que membre d&#039;une communaut\u00e9 dynamique de pairs, les Catalyseurs acqui\u00e8rent de puissantes comp\u00e9tences en mati\u00e8re de narration et de prise de parole en public, une pr\u00e9sence en ligne optimis\u00e9e et une intelligence corporelle\u00a0; tous les outils dont ils ont besoin pour laisser leur marque dans nos \u00e9conomies en \u00e9volution.<\/h5>\n<p>[\/et_pb_text][et_pb_image src=\u201dhttp:\/\/place-network.org\/wp-content\/uploads\/2019\/10\/Asset-11.png\u201d align=\u201dcenter\u201d _builder_version=\u201d3.27.4\u2033 custom_margin=\u201d ||||false|false\u201d custom_padding=\u201d20px||||false|false\u201d custom_padding_last_edited=\u201don|desktop\u201d animation_style=\u201dslide\u201d animation_direction=\u201dleft\u201d animation_duration=\u201d1150ms\u201d animation_delay=\u201d50ms\u201d animation_intensity_slide=\u201d 10%\u201d animation_speed_curve=\u201dease-out\u201d _i=\u201d1\u2033 _address=\u201d2.0.0.1\u2033][\/et_pb_image][et_pb_image src=\u201dhttp:\/\/place-network.org\/wp-content\/uploads\/2019\/10 \/Asset-12.png\u201d align=\u201dcenter\u201d align_tablet=\u201dcenter\u201d align_phone=\u201dcenter\u201d align_last_edited=\u201don|desktop\u201d _builder_version=\u201d3.27.4\u2033 custom_margin=\u201d||||false|false\u201d custom_padding=\u201d 20px||||false|false\u201d custom_padding_last_edited=\u201don|desktop\u201d animation_style=\u201dslide\u201d animation_direction=\u201dleft\u201d animation_duration=\u201d1150ms\u201d animation_delay=\u201d50ms\u201d animation_intensity_slide=\u201d10%\u201d animation_speed_curve=\u201dease-out\u201d _i= \u201d2\u2033 _address=\u201d2.0.0.2\u2033][\/et_pb_image][et_pb_image src=&quot;http:\/\/place-network.org\/wp-content\/uploads\/2019\/10\/Asset-13.png\u201d align=&quot;center &quot;_builder_version=\u201d3.27.4\u2033 custom_margin=\u201d||||false|false\u201d custom_padding=\u201d20px||||false|false\u201d custom_padding_last_edited=\u201don|desktop\u201d animation_style=\u201dslide\u201d animation_direction=\u201dleft\u201d animation_duration= \u201d1150ms\u201d animation_delay=\u201d50ms\u201d animation_intensity_slide=\u201d10%\u201d animation_speed_curve=\u201dease-out\u201d _i=\u201d3\u2033 _address=\u201d2.0.0.3\u2033][\/et_pb_image][\/et_pb_column][et_pb_column type=\u201d1_2\u2033 _builder_version= \u201d3.27.4\u2033 _i=\u201d1\u2033 _address=\u201d2.0.1\u2033][et_pb_image src=&quot;http:\/\/place-network.org\/wp-content\/uploads\/2019\/10\/DSC03621.jpg\u201d align=&quot; right\u201d _builder_version=\u201d3.27.4\u2033 _i=\u201d0\u2033 _address=\u201d2.0.1.0\u2033][\/et_pb_image][\/et_pb_column][\/et_pb_row][\/et_pb_section][et_pb_section fb_built=\u201d1\u2033 _builder_version=\u201d3.27. 4\u2033 use_background_color_gradient=\u201don\u201d background_color_gradient_start=\u201d#ffffff\u201d background_color_gradient_end=\u201d#E95226\u2033 background_color_gradient_direction=\u201d160deg\u201d background_color_gradient_start_position=\u201d35%\u201d background_color_gradient_end_position=\u201d35%\u201d fb_built=\u201d1\u2033 _ je=\u201d3\u2033 _address=\u201d3\u2033][et_pb_row column_structure=\u201d1_2,1_2\u2033 make_equal=\u201don\u201d _builder_version=\u201d3.27.4\u2033 width=\u201d100%\u201d max_width=\u201d100%\u201d custom_css_main_element=\u201dalign-items\u00a0: flex-end\u00a0;\u201d _i=\u201d0\u2033 _address=\u201d3.0\u2033][et_pb_column type=\u201d1_2\u2033 _builder_version=\u201d3.27.4\u2033 _i=\u201d0\u2033 _address=\u201d3.0.0\u2033][et_pb_image src=\u201dhttp:\/\/place-network .org\/wp-content\/uploads\/2019\/10\/DSC04032.jpg\u201d _builder_version=\u201d3.27.4\u2033 animation_style=\u201dslide\u201d animation_direction=\u201dleft\u201d animation_duration=\u201d1150ms\u201d animation_delay=\u201d50ms\u201d animation_intensity_slide=\u201d10%\u201d animation_speed_curve =\u201dfacilit\u00e9\u201d _i=\u201d0\u2033 _address=\u201d3.0.0.0\u2033][\/et_pb_image][\/et_pb_column][et_pb_column type=\u201d1_2\u2033 _builder_version=\u201d3.27.4\u2033 _i=\u201d1\u2033 _address=\u201d3.0 .1\u2033][et_pb_text _builder_version=\u201d3.27.4\u2033 text_font_size=\u201d18px\u201d text_line_height=\u201d1.5em\u201d header_5_font=\u201dMontserrat||||||||\u201d header_5_text_color=\u201d#ffffff\u201d header_5_font_size=\u201d18px\u201d header_5_line_height=\u201d1.8em\u201d background_layout=\u201ddark\u201d custom_padding=\u201d|10vw|||false|false\u201d custom_padding_tablet=\u201d|3vw||3vw|false|true\u201d custom_padding_phone=\u201d| 6vw||6vw|false|true\u201d custom_padding_last_edited=\u201don|desktop\u201d _i=\u201d0\u2033 _address=\u201d3.0.1.0\u2033]<\/p>\n<h5 style=\"text-align: left;\">Gr\u00e2ce aux exp\u00e9riences d&#039;apprentissage de nouvelle g\u00e9n\u00e9ration de PLACE, les catalyseurs de PLACE fa\u00e7onnent et partagent largement leurs histoires tout en explorant l&#039;influence et l&#039;impact qu&#039;ils peuvent apporter \u00e0 l&#039;Europe.<\/h5>\n<h5 style=\"text-align: left;\">Mon image, mon histoire est anim\u00e9e par un corps professoral unique s\u00e9lectionn\u00e9 pour sa pertinence intersectorielle et ses r\u00e9alisations dans ses propres disciplines tr\u00e8s exigeantes, notamment les affaires, les m\u00e9dias et les arts.<\/h5>\n<p>[\/et_pb_text][\/et_pb_column][\/et_pb_row][\/et_pb_section][et_pb_section fb_built=\u201d1\u2033 handicap\u00e9s_on=\u201don|on|on\u201d _builder_version=\u201d3.27.4\u2033 fb_built=\u201d1\u2033 _i=\u201d4\u2033 _address =\u201d4\u2033 d\u00e9sactiv\u00e9=\u201don\u201d][et_pb_row _builder_version=\u201d3.27.4\u2033 _i=\u201d0\u2033 _address=\u201d4.0\u2033][et_pb_column type=\u201d4_4\u2033 _builder_version=\u201d3.27.4\u2033 _i=\u201d0\u2033 _address =\u201d4.0.0\u2033][et_pb_text _builder_version=\u201d3.27.4\u2033 header_3_font=\u201dHavelock Solid||||||||\u201d header_3_text_color=\u201d#e95226\u2033 header_3_font_size=\u201d21px\u201d custom_margin=\u201d||||true\u201d custom_margin_phone=\u201d10px||10px||true|false\u201d custom_margin_last_edited=\u201don|phone\u201d _i=\u201d0\u2033 _address=\u201d4.0.0.0 \u2033]<\/p>\n<h3 style=\"text-align: center;\">Rencontrez la facult\u00e9 Mon Image, Mon Histoire :<\/h3>\n<p>[\/et_pb_text][et_pb_blurb title=\u201dMIORA RANAIVOARINOSY\u201d url=\u201dhttps:\/\/www.linkedin.com\/in\/nalimiora-ranaivoarinosy-b117259\/\u201d url_new_window=\u201don\u201d image=\u201dhttp:\/\/place-network. &quot; ||10px||false|false\u201d custom_margin_last_edited=\u201don|phone\u201d custom_padding_phone=\u201d14px||14px||true|false\u201d custom_padding_last_edited=\u201don|phone\u201d link_option_url=\u201dhttps:\/\/www.linkedin.com\/in \/nalimiora-ranaivoarinosy-b117259\/\u201d link_option_url_new_window=\u201don\u201d _i=\u201d1\u2033 _address=\u201d4.0.0.1\u2033]<\/p>\n<p><span style=\"font-size: large; color: #414042;\"><strong>Responsable de l&#039;apprentissage<\/strong><\/span><\/p>\n<p><span style=\"font-size: large; color: #45bdd4;\">#Innovation<\/span><br \/> <span style=\"font-size: large; color: #45bdd4;\">#PCoaching par les pairs<\/span><\/p>\n<p>&nbsp;<\/p>\n<p>[\/et_pb_blurb][et_pb_blurb title=\u201dBOLEWA SABOURIN\u201d url=\u201dhttps:\/\/www.linkedin.com\/in\/bolewa-sabourin-34250629\/\u201d url_new_window=\u201don\u201d image=\u201dhttp:\/\/place-network. &quot; ||10px||false|false\u201d custom_margin_last_edited=\u201don|phone\u201d custom_padding_phone=\u201d14px||14px||true|false\u201d custom_padding_last_edited=\u201don|phone\u201d link_option_url=\u201dhttps:\/\/www.linkedin.com\/in \/bolewa-sabourin-34250629\/\u201d link_option_url_new_window=\u201don\u201d _i=\u201d2\u2033 _address=\u201d4.0.0.2\u2033]<\/p>\n<p><span color=\"#414042\" style=\"color: #414042;\"><span style=\"font-size: 18px;\"><b>S&#039;\u00e9lever et briller en tant que leader<\/b><\/span><\/span><\/p>\n<p><span style=\"color: #e95226; font-size: large;\">#BIntelligence du corps<br \/> <\/span><span style=\"color: #e95226; font-size: large;\">#EIntelligence \u00e9motionnelle<\/span><\/p>\n<p>&nbsp;<\/p>\n<p>[\/et_pb_blurb][et_pb_blurb title=\u201dSABRI BEN RADHIA\u201d url=\u201dhttps:\/\/www.linkedin.com\/in\/sabribenradhia\/?originalSubdomain=fr\u201d url_new_window=\u201don\u201d image=\u201dhttp:\/\/place-network .org\/wp-content\/uploads\/2019\/10\/Asset-14.png\u201d content_max_width_last_edited=\u201don|phone\u201d _builder_version=\u201d3.27.4\u2033 header_level=\u201dh6\u2033 header_text_color=\u201d#45bdd4\u2033 header_font_size=\u201d18px\u201d custom_margin_phone= \u201d||10px||false|false\u201d custom_margin_last_edited=\u201dsur|t\u00e9l\u00e9phone\u201d custom_padding_phone=\u201d14px||14px||true|false\u201d custom_padding_last_edited=\u201dsur|t\u00e9l\u00e9phone\u201d link_option_url=\u201dhttps:\/\/www.linkedin.com\/ in\/sabribenradhia\/?originalSubdomain=fr\u201d link_option_url_new_window=\u201don\u201d _i=\u201d3\u2033 _address=\u201d4.0.0.3\u2033]<\/p>\n<p><span color=\"#414042\" style=\"color: #414042;\"><span style=\"font-size: 18px;\"><b>Fa\u00e7onner mon histoire<\/b><\/span><\/span><\/p>\n<p><span style=\"color: #e95226; font-size: large;\">#Sontr\u00e9<br \/> <\/span><span style=\"color: #e95226; font-size: large;\">#TEDx<\/span><\/p>\n<p>&nbsp;<\/p>\n<p>[\/et_pb_blurb][et_pb_blurb title=\u201dsarah mcrae\u201d url=\u201dhttps:\/\/www.linkedin.com\/in\/sarah-ann-mcrae-59525756\/\u201d url_new_window=\u201don\u201d image=\u201dhttp:\/\/place- network.org\/wp-content\/uploads\/2019\/10\/Asset-17.png\u201d content_max_width_last_edited=\u201don|phone\u201d _builder_version=\u201d3.27.4\u2033 header_level=\u201dh6\u2033 header_text_color=\u201d#45bdd4\u2033 header_font_size=\u201d18px\u201d custom_margin_phone =\u201d||10px||false|false\u201d custom_margin_last_edited=\u201don|phone\u201d custom_padding_phone=\u201d14px||14px||true|false\u201d custom_padding_last_edited=\u201don|phone\u201d link_option_url=\u201dhttps:\/\/www.linkedin.com \/in\/sarah-ann-mcrae-59525756\/\u201d link_option_url_new_window=\u201don\u201d _i=\u201d4\u2033 _address=\u201d4.0.0.4\u2033]<\/p>\n<p><span style=\"font-size: large; color: #414042;\"><strong>Poss\u00e9der ma place dans le monde num\u00e9rique<\/strong><\/span><\/p>\n<p><span style=\"font-size: large; color: #45bdd4;\">#Marque personnelle<\/span><br \/> <span style=\"font-size: large; color: #45bdd4;\">#Pitch<\/span><\/p>\n<p>&nbsp;<\/p>\n<p>[\/et_pb_blurb][et_pb_blurb title=\u201dShawgi Ahmed\u201d url=\u201dhttps:\/\/www.linkedin.com\/in\/shawgi-ahmed-7b0b5aa3\/\u201d url_new_window=\u201don\u201d image=\u201dhttp:\/\/place-network. org\/wp-content\/uploads\/2019\/10\/Asset-1-1.png\u201d content_max_width_last_edited=\u201don|phone\u201d _builder_version=\u201d3.27.4\u2033 header_level=\u201dh6\u2033 header_text_color=\u201d#45bdd4\u2033 header_font_size=\u201d18px\u201d custom_margin_phone =\u201d||10px||false|false\u201d custom_margin_last_edited=\u201don|phone\u201d custom_padding_phone=\u201d14px||14px||true|false\u201d custom_padding_last_edited=\u201don|phone\u201d link_option_url=\u201dhttps:\/\/www.linkedin.com \/in\/shawgi-ahmed-7b0b5aa3\/\u201d link_option_url_new_window=\u201don\u201d _i=\u201d5\u2033 _address=\u201d4.0.0.5\u2033]<\/p>\n<p><span color=\"#414042\" style=\"color: #414042;\"><span style=\"font-size: 18px;\"><b>Gestionnaire de talents<\/b><\/span><\/span><\/p>\n<p><span style=\"color: #45bdd4; font-size: large;\">#Connexions<br \/> <\/span><span style=\"color: #45bdd4; font-size: large;\">#Diversite<\/span><\/p>\n<p>&nbsp;<\/p>\n<p>[\/et_pb_blurb][\/et_pb_column][\/et_pb_row][\/et_pb_section][et_pb_section fb_built=\u201d1\u2033 handicap\u00e9s_on=\u201don|on|on\u201d _builder_version=\u201d3.27.4\u2033 fb_built=\u201d1\u2033 _i=\u201d5\u2033 _address =\u201d5\u2033 d\u00e9sactiv\u00e9=\u201don\u201d][et_pb_row _builder_version=\u201d3.27.4\u2033 _i=\u201d0\u2033 _address=\u201d5.0\u2033][et_pb_column type=\u201d4_4\u2033 _builder_version=\u201d3.27.4\u2033 _i=\u201d0\u2033 _address =\u201d5.0.0\u2033][et_pb_text _builder_version=\u201d3.27.4\u2033 header_3_font=\u201dHavelock Solid||||||||\u201d header_3_text_color=\u201d#e95226\u2033 header_3_font_size=\u201d21px\u201d custom_margin=\u201d||||true\u201d custom_margin_phone=\u201d10px||10px||true|false\u201d custom_margin_last_edited=\u201don|phone\u201d _i=\u201d0\u2033 _address=\u201d5.0.0.0 \u2033]<\/p>\n<h3 style=\"text-align: center;\">Rencontrez la facult\u00e9 Mon Image, Mon Histoire :<\/h3>\n<p>[\/et_pb_text][\/et_pb_column][\/et_pb_row][et_pb_row _builder_version=\u201d3.27.4\u2033 _i=\u201d1\u2033 _address=\u201d5.1\u2033][et_pb_column type=\u201d4_4\u2033 _builder_version=\u201d3.27.4\u2033 _i=\u201d0 \u2033 _address=\u201d5.1.0\u2033][et_pb_blurb title=\u201dMIORA RANAIVOARINOSY\u201d url=\u201dhttps:\/\/www.linkedin.com\/in\/nalimiora-ranaivoarinosy-b117259\/\u201d url_new_window=\u201don\u201d image=\u201dhttp:\/ \/place-network.org\/wp-content\/uploads\/2019\/10\/Asset-15.png\u201d icon_placement=\u201dleft\u201d content_max_width_last_edited=\u201don|phone\u201d _builder_version=\u201d3.27.4\u2033 header_level=\u201dh6\u2033 header_text_color=\u201d #45bdd4\u2033 header_font_size=\u201d18px\u201d custom_margin_phone=\u201d||10px||false|false\u201d custom_margin_last_edited=\u201don|phone\u201d custom_padding_phone=\u201d14px||14px||true|false\u201d custom_padding_last_edited=\u201don|phone\u201d link_option_url=\u201dhttps :\/\/www.linkedin.com\/in\/nalimiora-ranaivoarinosy-b117259\/\u201d link_option_url_new_window=\u201don\u201d _i=\u201d0\u2033 _address=\u201d5.1.0.0\u2033]<\/p>\n<p><span style=\"font-size: large; color: #414042;\"><strong>Responsable de l&#039;apprentissage<\/strong><\/span><\/p>\n<p><span style=\"font-size: large; color: #45bdd4;\">#Innovation<\/span><br \/> <span style=\"font-size: large; color: #45bdd4;\">#PCoaching par les pairs<\/span><\/p>\n<p>&nbsp;<\/p>\n<p>[\/et_pb_blurb][\/et_pb_column][\/et_pb_row][et_pb_row column_structure=\u201d1_2,1_2\u2033 _builder_version=\u201d3.27.4\u2033 _i=\u201d2\u2033 _address=\u201d5.2\u2033][et_pb_column type=\u201d1_2\u2033 _builder_version=\u201d3.27 .4\u2033 custom_padding=\u201d||1px||false|false\u201d custom_padding_phone=\u201d||0px||false|false\u201d custom_padding_last_edited=\u201don|phone\u201d _i=\u201d0\u2033 _address=\u201d5.2.0\u2033][et_pb_blurb title =\u201dBOLEWA SABOURIN\u201d url=\u201dhttps:\/\/www.linkedin.com\/in\/bolewa-sabourin-34250629\/\u201d url_new_window=\u201don\u201d image=\u201dhttp:\/\/place-network.org\/wp-content\/uploads \/2019\/10\/Asset-16.png\u201d icon_placement=\u201dleft\u201d content_max_width_last_edited=\u201don|phone\u201d _builder_version=\u201d3.27.4\u2033 header_level=\u201dh6\u2033 header_text_color=\u201d#e95226\u2033 header_font_size=\u201d18px\u201d custom_margin_phone=\u201d|| -30px||false|false\u201d custom_margin_last_edited=\u201don|phone\u201d custom_padding_last_edited=\u201don|phone\u201d link_option_url=\u201dhttps:\/\/www.linkedin.com\/in\/bolewa-sabourin-34250629\/\u201d link_option_url_new_window=\u201don\u201d _i =\u201d0\u2033 _adresse=\u201d5.2.0.0\u2033]<\/p>\n<p><span color=\"#414042\" style=\"color: #414042;\"><span style=\"font-size: 18px;\"><b>S&#039;\u00e9lever et briller en tant que leader<\/b><\/span><\/span><\/p>\n<p><span style=\"color: #e95226; font-size: large;\">#BIntelligence du corps<br \/> <\/span><span style=\"color: #e95226; font-size: large;\">#EIntelligence \u00e9motionnelle<\/span><\/p>\n<p>&nbsp;<\/p>\n<p>[\/et_pb_blurb][\/et_pb_column][et_pb_column type=\u201d1_2\u2033 _builder_version=\u201d3.27.4\u2033 _i=\u201d1\u2033 _address=\u201d5.2.1\u2033][et_pb_blurb title=\u201dSABRI BEN RADHIA\u201d url=\u201dhttps:\/ \/www.linkedin.com\/in\/sabribenradhia\/?originalSubdomain=fr\u201d url_new_window=\u201don\u201d image=\u201dhttp:\/\/place-network.org\/wp-content\/uploads\/2019\/10\/Asset-14.png\u201d icon_placement=\u201dgauche\u201d content_max_width_last_edited=\u201don|phone\u201d _builder_version=\u201d3.27.4\u2033 header_level=\u201dh6\u2033 header_text_color=\u201d#e95226\u2033 header_font_size=\u201d18px\u201d custom_margin=\u201d||||false|false\u201d custom_margin_tablet=\u201d20px| |20px||false|false\u201d custom_margin_phone=\u201d10px||70px||false|false\u201d custom_margin_last_edited=\u201don|phone\u201d link_option_url=\u201dhttps:\/\/www.linkedin.com\/in\/sabribenradhia\/?originalSubdomain=fr\u201d link_option_url_new_window=\u201don\u201d _i=\u201d0\u2033 _address=\u201d5.2.1.0\u2033]<\/p>\n<p><span color=\"#414042\" style=\"color: #414042;\"><span style=\"font-size: 18px;\"><b>Fa\u00e7onner mon histoire<\/b><\/span><\/span><\/p>\n<p><span style=\"color: #e95226; font-size: large;\">#Sontr\u00e9<br \/> <\/span><span style=\"color: #e95226; font-size: large;\">#TEDx<\/span><\/p>\n<p>&nbsp;<\/p>\n<p>[\/et_pb_blurb][\/et_pb_column][\/et_pb_row][et_pb_row column_structure=\u201d1_2,1_2\u2033 _builder_version=\u201d3.27.4\u2033 _i=\u201d3\u2033 _address=\u201d5.3\u2033][et_pb_column type=\u201d1_2\u2033 _builder_version=\u201d3.27 .4\u2033 _i=\u201d0\u2033 _address=\u201d5.3.0\u2033][et_pb_blurb title=\u201dsarah mcrae\u201d url=\u201dhttps:\/\/www.linkedin.com\/in\/sarah-ann-mcrae-59525756\/\u201d url_new_window= &quot;sur&quot; image = &quot;http:\/\/place-network.org\/wp-content\/uploads\/2019\/10\/Asset-17.png&quot; icon_placement = &quot;left&quot; content_max_width_last_edited = &quot;sur | t\u00e9l\u00e9phone&quot; _builder_version = &quot;3.27.4 \u2033 header_level=\u201dh6\u2033 header_text_color=\u201d#45bdd4\u2033 header_font_size=\u201d18px\u201d custom_margin_tablet=\u201d-30px||-30px||true|false\u201d custom_margin_last_edited=\u201don|tablet\u201d custom_padding=\u201d||30px||false|false\u201d link_option_url=\u201dhttps:\/\/www.linkedin.com\/in\/sarah-ann-mcrae-59525756\/\u201d link_option_url_new_window=\u201don\u201d _i=\u201d0\u2033 _address=\u201d5.3.0.0\u2033]<\/p>\n<p><span style=\"font-size: large; color: #414042;\"><strong>Poss\u00e9der ma place dans le monde num\u00e9rique<\/strong><\/span><\/p>\n<p><span style=\"font-size: large; color: #45bdd4;\">#Marque personnelle<\/span><br \/> <span style=\"font-size: large; color: #45bdd4;\">#Pitch<\/span><\/p>\n<p>&nbsp;<\/p>\n<p>[\/et_pb_blurb][\/et_pb_column][et_pb_column type=\u201d1_2\u2033 _builder_version=\u201d3.27.4\u2033 _i=\u201d1\u2033 _address=\u201d5.3.1\u2033][et_pb_blurb title=\u201dShawgi Ahmed\u201d url=\u201dhttps:\/\/ www.linkedin.com\/in\/shawgi-ahmed-7b0b5aa3\/\u201d url_new_window=\u201don\u201d image=\u201dhttp:\/\/place-network.org\/wp-content\/uploads\/2019\/10\/Asset-1-1.png &quot; icon_placement = &quot;gauche&quot; content_max_width_last_edited = &quot;sur | t\u00e9l\u00e9phone&quot; _builder_version = &quot;3.27.4&quot; header_level = &quot;h6&quot; header_text_color = &quot;#45bdd4&quot; header_font_size = &quot;18px&quot; custom_margin_tablet = &quot;20px||-30px||false|false&quot; \u00e9dit\u00e9 =\u201dsur|tablette\u201d custom_padding=\u201d||30px||false|false\u201d link_option_url=\u201dhttps:\/\/www.linkedin.com\/in\/shawgi-ahmed-7b0b5aa3\/\u201d link_option_url_new_window=\u201don\u201d _i=\u201d0\u2033 _adresse =\u201d5.3.1.0\u2033]<\/p>\n<p><span color=\"#414042\" style=\"color: #414042;\"><span style=\"font-size: 18px;\"><b>Gestionnaire de talents<\/b><\/span><\/span><\/p>\n<p><span style=\"color: #45bdd4; font-size: large;\">#Connexions<br \/> <\/span><span style=\"color: #45bdd4; font-size: large;\">#Diversite<\/span><\/p>\n<p>&nbsp;<\/p>\n<p>[\/et_pb_blurb][\/et_pb_column][\/et_pb_row][\/et_pb_section][et_pb_section fb_built=\u201d1\u2033 _builder_version=\u201d3.27.4\u2033 use_background_color_gradient=\u201don\u201d background_color_gradient_start=\u201d#45bdd4\u2033 background_color_gradient_end=\u201d#ffffff background\u201d _color_gradient_direction=\u201d160deg\u201d background_color_gradient_start_position=\u201d50%\u201d background_color_gradient_end_position=\u201d50%\u201d fb_built=\u201d1\u2033 _i=\u201d6\u2033 _address=\u201d6\u2033][et_pb_row column_structure=\u201d1_2,1_2\u2033 _builder_version=\u201d3.27.4\u2033 width=\u201d100%\u201d max_width=\u201d 100%\u201d _i=\u201d0\u2033 _address=\u201d6.0\u2033][et_pb_column type=\u201d1_2\u2033 _builder_version=\u201d3.27.4\u2033 _i=\u201d0\u2033 _address=\u201d6.0.0\u2033][et_pb_text _builder_version=\u201d3.27.4\u2033 header_5_font =\u201dMontserrat||||||||\u201d header_5_text_color=\u201d#414042\u2033 header_5_font_size=\u201d18px\u201d header_5_line_height=\u201d1.2em\u201d custom_padding=\u201d|||10vw|false|false\u201d custom_padding_tablet=\u201d|3vw||3vw|false|true\u201d custom_padding_phone=\u201d|6vw||6vw| false|true\u201d custom_padding_last_edited=\u201dsur|t\u00e9l\u00e9phone\u201d _i=\u201d0\u2033 _address=\u201d6.0.0.0\u2033]<\/p>\n<h3>\u00c0 quoi ressembleront les emplois dans l\u2019avenir du travail\u00a0?<\/h3>\n<p>[\/et_pb_text][et_pb_text _builder_version=\u201d3.27.4\u2033 text_text_color=\u201d#414042\u2033 text_font_size=\u201d18px\u201d header_5_font=\u201dMontserrat||||||||\u201d header_5_text_color=\u201d#414042\u2033 header_5_font_size=\u201d18px\u201d header_5_line_height=\u201d1.8em\u201d custom_padding=\u201d|||10vw|false|false\u201d custom_padding_tablet=\u201d|3vw||3vw|false|true\u201d custom_padding_phone=\u201d|6vw||6vw| false|true\u201d custom_padding_last_edited=\u201dsur|t\u00e9l\u00e9phone\u201d _i=\u201d1\u2033 _address=\u201d6.0.0.1\u2033]<\/p>\n<h5><span style=\"color: #ffffff;\">Il y a beaucoup de choses que nous ne savons pas encore sur l\u2019avenir du travail. En fait, faire face \u00e0 l\u2019impr\u00e9visibilit\u00e9 est l\u2019une des choses qui d\u00e9finiront notre fa\u00e7on de travailler dans les ann\u00e9es \u00e0 venir.<\/span><\/h5>\n<p>[\/et_pb_text][\/et_pb_column][et_pb_column type=\u201d1_2\u2033 _builder_version=\u201d3.27.4\u2033 _i=\u201d1\u2033 _address=\u201d6.0.1\u2033][et_pb_image src=\u201dhttp:\/\/place-network.org\/ wp-content\/uploads\/2019\/10\/DSC04025.jpg\u201d align=\u201dright\u201d _builder_version=\u201d3.27.4\u2033 animation_style=\u201dslide\u201d animation_direction=\u201dright\u201d animation_duration=\u201d1150ms\u201d animation_delay=\u201d50ms\u201d animation_intensity_slide=\u201d10% \u201d animation_speed_curve=\u201dease-out\u201d _i=\u201d0\u2033 _address=\u201d6.0.1.0\u2033][\/et_pb_image][\/et_pb_column][\/et_pb_row][et_pb_row _builder_version=\u201d3.27.4\u2033 custom_margin_phone=\u201d3vh|||| false|false\u201d custom_margin_last_edited=\u201don|phone\u201d _i=\u201d1\u2033 _address=\u201d6.1\u2033][et_pb_column type=\u201d4_4\u2033 _builder_version=\u201d3.27.4\u2033 _i=\u201d0\u2033 _address=\u201d6.1.0\u2033][ et_pb_text _builder_version=\u201d3.27.4\u2033 header_3_font=\u201dHavelock Solid||||||||\u201d header_3_text_color=\u201d#e95226\u2033 header_3_font_size=\u201d21px\u201d max_width=\u201d50vw\u201d max_width_phone=\u201d100%\u201d max_width_last_edited=\u201don|desktop\u201d module_alignment=\u201dcenter\u201d _i=\u201d0\u2033 _address=\u201d6.1.0.0\u2033]<\/p>\n<h3 style=\"text-align: center;\">Fonctionnalit\u00e9s h\u00e9rit\u00e9es du pass\u00e9 vs fonctionnalit\u00e9s \u00e0 d\u00e9velopper pour demain :<\/h3>\n<p>[\/et_pb_text][\/et_pb_column][\/et_pb_row][et_pb_row column_structure=\u201d1_3,1_3,1_3\u2033 make_equal=\u201don\u201d _builder_version=\u201d3.27.4\u2033 width_last_edited=\u201don|phone\u201d max_width=\u201d900px\u201d max_width_phone=\u201d 90vw\u201d max_width_last_edited=\u201don|desktop\u201d animation_style=\u201dslide\u201d animation_duration=\u201d700ms\u201d animation_intensity_slide=\u201d20%\u201d animation_speed_curve=\u201dease-out\u201d _i=\u201d2\u2033 _address=\u201d6.2\u2033][et_pb_column type=\u201d1_3\u2033 _builder_version =\u201d3.27.4\u2033 _i=\u201d0\u2033 _address=\u201d6.2.0\u2033][et_pb_text _builder_version=\u201d3.27.4\u2033 text_text_color=\u201d#414042\u2033 text_font_size=\u201d18px\u201d text_line_height=\u201d2.3em\u201d header_3_text_color=\u201d#e95226\u2033 border_ rayons =\u201don|20px|20px|20px|20px\u201d border_width_all=\u201d5px\u201d border_color_all=\u201d#e95226\u2033 max_width_tablet=\u201d50vw\u201d max_width_phone=\u201d60vw\u201d max_width_last_edited=\u201don|phone\u201d module_alignment=\u201dcenter\u201d custom_margin=\u201d||| |false|false\u201d custom_margin_tablet=\u201d4vw||-10vw||false|false\u201d custom_margin_phone=\u201d6vw||-10vw||false|false\u201d custom_margin_last_edited=\u201dsur|tablette\u201d custom_padding=\u201d2em|2em|2em|2em |true|true\u201d custom_padding_tablet=\u201d1em|1em|1em|1em|true|true\u201d custom_padding_phone=\u201d1em|0em|1em|0em|true|true\u201d custom_padding_last_edited=\u201don|phone\u201d _i=\u201d0\u2033 _address=\u201d 6.2.0.0\u2033]<\/p>\n<h3 style=\"text-align: center;\">Aujourd&#039;hui<\/h3>\n<p style=\"text-align: center;\">Bas\u00e9 sur les r\u00f4les<br \/> Des parcours de carri\u00e8re lin\u00e9aires<br \/> 9h \u00e0 17h bureau<br \/> Bac +5<br \/> Silos d\u00e9partementaux<\/p>\n<p>[\/et_pb_text][\/et_pb_column][et_pb_column type=\u201d1_3\u2033 _builder_version=\u201d3.27.4\u2033 custom_padding=\u201d||||false|false\u201d custom_css_main_element=\u201d ||margin: auto;\u201d _i=\u201d1\u2033 _address=\u201d6.2.1\u2033][et_pb_text _builder_version=\u201d3.27.4\u2033 text_font=\u201dHavelock Solid||||||||\u201d text_text_color=\u201d#8d291d\u201d text_font_size=\u201d50px\u201d text_orientation=\u201dcenter\u201d max_width=\u201d100%\u201d max_width_tablet=\u201d50vw\u201d max_width_phone=\u201d80vw\u201d max_width_last_edited=\u201don|phone\u201d module_alignment=\u201dcenter\u201d custom_margin=\u201d||||false |false\u201d custom_margin_tablet=\u201d4vw||||false|false\u201d custom_margin_phone=\u201d6vw||6vw||true|false\u201d custom_margin_last_edited=\u201don|phone\u201d custom_padding=\u201d0em|0em|0em|0em|true|true\u201d custom_padding_tablet=\u201d1em|0em|1em|0em|true|true\u201d custom_padding_phone=\u201d1em|0em|1em|0em|true|true\u201d custom_padding_last_edited=\u201don|desktop\u201d text_font_size_last_edited=\u201don|desktop\u201d _i=\u201d0\u2033 _address =\u201d6.2.1.0\u2033]<\/p>\n<p>CONTRE<\/p>\n<p>[\/et_pb_text][\/et_pb_column][et_pb_column type=\u201d1_3\u2033 _builder_version=\u201d3.27.4\u2033 _i=\u201d2\u2033 _address=\u201d6.2.2\u2033][et_pb_text _builder_version=\u201d3.27.4\u2033 text_text_color=\u201d#414042\u2033 text_font_size =\u201d18px\u201d text_line_height=\u201d2.3em\u201d header_3_text_color=\u201d#45bdd4\u2033 border_radii=\u201don|20px|20px|20px|20px\u201d border_width_all=\u201d5px\u201d border_color_all=\u201d#45bdd4\u2033 max_width_tablet=\u201d50vw\u201d w&quot; max_width_last_edited= \u201dsur|tablette\u201d module_alignment=\u201dcenter\u201d custom_margin=\u201d||||false|false\u201d custom_margin_tablet=\u201d-2vw||||false|false\u201d custom_margin_phone=\u201d-4vw||6vw||false|false\u201d custom_margin_last_edited= &quot;sur|t\u00e9l\u00e9phone&quot; custom_padding=\u201d2em|2em|2em|2em|true|true\u201d custom_padding_tablet=\u201d1em|1em|1em|1em|true|true\u201d custom_padding_phone=\u201d1em|0em|1em|0em|true|true\u201d custom_padding_last_edited=\u201dsur|t\u00e9l\u00e9phone\u201d _i=\u201d0\u2033 _address=\u201d6.2.2.0\u2033]<\/p>\n<h3 style=\"text-align: center;\">avenir du travail<\/h3>\n<p style=\"text-align: center;\">Project bas\u00e9<br \/> Des secteurs en mutation<br \/> Espace de travail en ligne<br \/> Un apprentissage constant<br \/> Interdisciplinaire<\/p>\n<p>[\/et_pb_text][\/et_pb_column][\/et_pb_row][\/et_pb_section][et_pb_section fb_built=\u201d1\u2033 custom_padding_last_edited=\u201don|phone\u201d _builder_version=\u201d3.27.4\u2033 use_background_color_gradient=\u201don\u201d background_color_gradient_start=\u201d#45bdd4\u2033 background_color_grad ient_end=&quot; #ffffff\u201d background_color_gradient_direction=\u201d200deg\u201d background_color_gradient_start_position=\u201d50%\u201d background_color_gradient_end_position=\u201d50%\u201d custom_margin=\u201d0px||||false|false\u201d custom_margin_last_edited=\u201don|desktop\u201d custom_padding=\u201d0px||||false|false custom_ padding_tablet= \u201d0px||||false|false\u201d fb_built=\u201d1\u2033 _i=\u201d7\u2033 _address=\u201d7\u2033][et_pb_row column_structure=\u201d1_2,1_2\u2033 _builder_version=\u201d3.27.4\u2033 width=\u201d100%\u201d max_width=\u201d 100%\u201d _i=\u201d0\u2033 _address=\u201d7.0\u2033][et_pb_column type=\u201d1_2\u2033 _builder_version=\u201d3.27.4\u2033 _i=\u201d0\u2033 _address=\u201d7.0.0\u2033][et_pb_image src=\u201dhttp:\/\/place -network.org\/wp-content\/uploads\/2019\/10\/DSC04042.jpg\u201d align=\u201dright\u201d _builder_version=\u201d3.27.4\u2033 animation_style=\u201dslide\u201d animation_direction=\u201dleft\u201d animation_duration=\u201d1150ms\u201d animation_delay=\u201d50ms \u201d animation_intensity_slide=\u201d10%\u201d animation_speed_curve=\u201dease-out\u201d _i=\u201d0\u2033 _address=\u201d7.0.0.0\u2033][\/et_pb_image][\/et_pb_column][et_pb_column type=\u201d1_2\u2033 _builder_version=\u201d3.27.4\u2033 _i= \u201d1\u2033 _address=\u201d7.0.1\u2033][et_pb_text _builder_version=\u201d3.27.4\u2033 header_5_font=\u201dMontserrat||||||||\u201d header_5_text_color=\u201d#414042\u2033 header_5_font_size=\u201d18px\u201d header_5_line_height=\u201d1.2em\u201d custom_padding=\u201d|10vw|||false|false\u201d custom_padding_tablet=\u201d|3vw||3vw|false|true\u201d custom_padding_phone=\u201d|6vw||6vw| false|true\u201d custom_padding_last_edited=\u201dsur|t\u00e9l\u00e9phone\u201d _i=\u201d0\u2033 _address=\u201d7.0.1.0\u2033]<\/p>\n<h3>Comment les nouveaux arrivants apportent-ils de la valeur \u00e0 l\u2019avenir du travail\u00a0?<\/h3>\n<p>[\/et_pb_text][et_pb_text _builder_version=\u201d3.27.4\u2033 text_text_color=\u201d#414042\u2033 text_font_size=\u201d18px\u201d header_5_font=\u201dMontserrat||||||||\u201d header_5_text_color=\u201d#414042\u2033 header_5_font_size=\u201d18px\u201d header_5_line_height=\u201d1.8em\u201d custom_padding=\u201d|10vw|||false|false\u201d custom_padding_tablet=\u201d|3vw|20vw|40vw|false|false custom_padding_phone=\u201d|6vw|20v\u201d avec| 6vw|false|true\u201d custom_padding_last_edited=\u201dsur|tablette\u201d _i=\u201d1\u2033 _address=\u201d7.0.1.1\u2033]<\/p>\n<h5><span style=\"color: #ffffff;\">Les nouveaux arrivants, avec leurs id\u00e9es nouvelles, leurs nouvelles fa\u00e7ons de penser et leur riche exp\u00e9rience de vie, constituent le coup de pouce dont les organisations de tous les secteurs ont besoin alors que nous nous dirigeons vers l\u2019avenir du travail.<\/span><\/h5>\n<p>[\/et_pb_text][\/et_pb_column][\/et_pb_row][et_pb_row column_structure=\u201d1_3,1_3,1_3\u2033 _builder_version=\u201d3.27.4\u2033 custom_margin=\u201d||||false|false\u201d custom_margin_tablet=\u201d0px||||false |false\u201d custom_margin_phone=\u201d5vh||||false|false\u201d custom_margin_last_edited=\u201don|phone\u201d _i=\u201d1\u2033 _address=\u201d7.1\u2033][et_pb_column type=\u201d1_3\u2033 _builder_version=\u201d3.27.4\u2033 _i=\u201d 0\u2033 _address=\u201d7.1.0\u2033][et_pb_blurb image=\u201dhttp:\/\/place-network.org\/wp-content\/uploads\/2019\/10\/Asset-20.png\u201d _builder_version=\u201d3.27.4\u2033 custom_padding_phone= \u201d80px||||false|false\u201d custom_padding_last_edited=\u201don|phone\u201d _i=\u201d0\u2033 _address=\u201d7.1.0.0\u2033]<\/p>\n<p style=\"text-align: center;\"><span style=\"color: #8d291d; font-size: large;\">Les entreprises dirig\u00e9es par des dirigeants diversifi\u00e9s sont 45% plus susceptibles de faire preuve de croissance<\/span><\/p>\n<p style=\"text-align: center;\"><span style=\"font-size: small; color: #8d291d;\"><em>(Mc Kinsey)<\/em><\/span><\/p>\n<p>[\/et_pb_blurb][\/et_pb_column][et_pb_column type=\u201d1_3\u2033 _builder_version=\u201d3.27.4\u2033 _i=\u201d1\u2033 _address=\u201d7.1.1\u2033][et_pb_blurb image=\u201dhttp:\/\/place-network.org\/ wp-content\/uploads\/2019\/10\/0qm0OR.tif.png\u201d _builder_version=\u201d3.27.4\u2033 _i=\u201d0\u2033 _address=\u201d7.1.1.0\u2033]<\/p>\n<p style=\"text-align: center;\"><span style=\"color: #8d291d; font-size: large;\">Les entreprises pr\u00e9sentant des niveaux de diversit\u00e9 plus \u00e9lev\u00e9s sont plus susceptibles de conqu\u00e9rir de nouveaux march\u00e9s.<\/span><\/p>\n<p style=\"text-align: center;\"><span style=\"font-size: small; color: #8d291d;\"><em>(Moyen)<\/em><\/span><\/p>\n<p>[\/et_pb_blurb][\/et_pb_column][et_pb_column type=\u201d1_3\u2033 _builder_version=\u201d3.27.4\u2033 _i=\u201d2\u2033 _address=\u201d7.1.2\u2033][et_pb_blurb image=\u201dhttp:\/\/place-network.org\/ wp-content\/uploads\/2019\/10\/Asset-18.png\u201d _builder_version=\u201d3.27.4\u2033 _i=\u201d0\u2033 _address=\u201d7.1.2.0\u2033]<\/p>\n<p style=\"text-align: center;\"><span style=\"font-size: large; color: #8d291d;\">Les entreprises pr\u00e9sentant des niveaux de diversit\u00e9 plus \u00e9lev\u00e9s sont 75% plus susceptibles de voir leurs id\u00e9es se concr\u00e9tiser<\/span><\/p>\n<p style=\"text-align: center;\"><span style=\"font-size: small; color: #8d291d;\"><em>(Moyen)<\/em><\/span><\/p>\n<p>[\/et_pb_blurb][\/et_pb_column][\/et_pb_row][\/et_pb_section][et_pb_section fb_built=\u201d1\u2033 custom_padding_last_edited=\u201don|tablet\u201d _builder_version=\u201d3.27.4\u2033 custom_margin=\u201d-40px||||false|false\u201d custom_margin_tablet=\u201d0px||||false|false\u201d custom_margin_phone=\u201d40px||40px||true|false\u201d custom_margin_last_edited=\u201don|desktop\u201d custom_padding=\u201d||||false|false\u201d custom_padding_tablet=\u201d0px||| |false|false\u201d fb_built=\u201d1\u2033 _i=\u201d8\u2033 _address=\u201d8\u2033][et_pb_row _builder_version=\u201d3.27.4\u2033 _i=\u201d0\u2033 _address=\u201d8.0\u2033][et_pb_column type=\u201d4_4\u2033 _builder_version= \u201d3.27.4\u2033 _i=\u201d0\u2033 _address=\u201d8.0.0\u2033][et_pb_divider color=\u201d#45bdd4\u2033 Divider_weight=\u201d3px\u201d _builder_version=\u201d3.27.4\u2033 _i=\u201d0\u2033 _address=\u201d8.0.0.0\u2033] [\/et_pb_divider][\/et_pb_column][\/et_pb_row][et_pb_row column_structure=\u201d1_2,1_2\u2033 _builder_version=\u201d3.27.4\u2033 custom_margin=\u201d||||false|false\u201d custom_margin_tablet=\u201d0px||||false|false \u201d custom_margin_phone=\u201d40px||||false|false\u201d custom_margin_last_edited=\u201don|tablet\u201d _i=\u201d1\u2033 _address=\u201d8.1\u2033][et_pb_column type=\u201d1_2\u2033 _builder_version=\u201d3.27.4\u2033 _i=\u201d0\u2033 _address=\u201d8.1.0\u2033][et_pb_text _builder_version=\u201d3.27.4\u2033 text_font_size=\u201d18px\u201d text_line_height=\u201d1.6em\u201d header_4_text_color=\u201d#45bdd4\u2033 custom_padding=\u201d||0px|||\u201d _i=\u201d0\u2033 _address=\u201d8.1.0.0\u2033]<\/p>\n<h4>Futurs catalyseurs\u00a0:<\/h4>\n<p>Vous consid\u00e9rez-vous comme faisant partie de cette communaut\u00e9 dynamique ? Voulez-vous fa\u00e7onner et partager votre histoire avec PLACE\u00a0? <span style=\"text-decoration: underline;\"><a href=\"mailto:shawgi@place-network.org\">Contacter Shawgi<\/a><\/span> pour devenir un catalyseur.<\/p>\n<p>[\/et_pb_text][\/et_pb_column][et_pb_column type=\u201d1_2\u2033 _builder_version=\u201d3.27.4\u2033 _i=\u201d1\u2033 _address=\u201d8.1.1\u2033][et_pb_text _builder_version=\u201d3.27.4\u2033 text_font_size=\u201d18px\u201d text_line_height =\u201d1.6em\u201d header_4_text_color=\u201d#e95226\u2033 _i=\u201d0\u2033 _address=\u201d8.1.1.0\u2033]<\/p>\n<h4>Les partenaires:<\/h4>\n<p>Vous cherchez \u00e0 investir dans les nouveaux talents ? <span style=\"text-decoration: underline;\"><span style=\"color: #c44118;\"><a href=\"mailto:sarah@place-network.org\" style=\"color: #c44118; text-decoration: underline;\">Contacter Sarah<\/a><\/span><\/span> pour d\u00e9couvrir comment votre organisation peut faire partie du Collectif PLACE.<\/p>\n<p>[\/et_pb_text][\/et_pb_column][\/et_pb_row][et_pb_row _builder_version=\u201d3.27.4\u2033 _i=\u201d2\u2033 _address=\u201d8.2\u2033][et_pb_column type=\u201d4_4\u2033 _builder_version=\u201d3.27.4\u2033 _i=\u201d0 \u2033 _address=\u201d8.2.0\u2033][et_pb_text _builder_version=\u201d3.27.4\u2033 header_5_font=\u201dMontserrat|700|||||||\u201d header_5_text_color=\u201d#414042\u2033 header_5_font_size=\u201d18px\u201d header_5_line_height=\u201d1.8em\u201d custom_padding=\u201d0px|||||\u201d custom_padding_phone=\u201d6em||2em||false|false\u201d custom_padding_last_edited=\u201don|phone\u201d _i=\u201d0\u2033 _address=\u201d8.2.0.0\u2033]<\/p>\n<h5>Vous pouvez d\u00e9couvrir ces histoires fortes \u00e0 mesure qu&#039;elles \u00e9mergent de Mon Image, Mon Histoire sur<span style=\"color: #c44118;\"> <a href=\"http:\/\/place-network.org\/fr\/stories\/\" style=\"color: #c44118;\">Stories of PLACE<\/a><\/span>, <b>Le guichet unique de PLACE pour le leadership \u00e9clair\u00e9 sur la migration, les talents et l&#039;avenir du travail.<\/b><\/h5>\n<p>[\/et_pb_text][\/et_pb_column][\/et_pb_row][\/et_pb_section][et_pb_section fb_built=&#8221;1&#8243; custom_padding_last_edited=&#8221;on|phone&#8221; _builder_version=&#8221;3.27.4&#8243; background_color=&#8221;#e95226&#8243; box_shadow_style=&#8221;preset1&#8243; box_shadow_vertical=&#8221;0px&#8221; box_shadow_blur=&#8221;6px&#8221; custom_margin=&#8221;||||false|false&#8221; custom_margin_tablet=&#8221;||-52px|&#8221; custom_margin_phone=&#8221;||-40px||false|false&#8221; custom_margin_last_edited=&#8221;on|phone&#8221; custom_padding=&#8221;0px||1px||false|false&#8221; custom_padding_tablet=&#8221;||0px||false|false&#8221; custom_padding_phone=&#8221;||0px||false|false&#8221; saved_tabs=&#8221;all&#8221; fb_built=&#8221;1&#8243; _i=&#8221;9&#8243; _address=&#8221;9&#8243;][et_pb_row use_custom_gutter=&#8221;on&#8221; gutter_width=&#8221;1&#8243; custom_padding_last_edited=&#8221;on|desktop&#8221; module_class=&#8221; et_pb_row_fullwidth&#8221; _builder_version=&#8221;3.27.4&#8243; width=&#8221;90%&#8221; width_tablet=&#8221;80%&#8221; width_last_edited=&#8221;on|desktop&#8221; max_width=&#8221;94%&#8221; max_width_tablet=&#8221;80%&#8221; max_width_last_edited=&#8221;on|desktop&#8221; custom_margin=&#8221;||||false|false&#8221; custom_margin_tablet=&#8221;||52px||false|false&#8221; custom_margin_phone=&#8221;||40px||false|false&#8221; custom_margin_last_edited=&#8221;on|desktop&#8221; custom_padding=&#8221;0px|0px|0px|0px|false|false&#8221; make_fullwidth=&#8221;on&#8221; _i=&#8221;0&#8243; _address=&#8221;9.0&#8243;][et_pb_column type=&#8221;4_4&#8243; _builder_version=&#8221;3.27.4&#8243; custom_padding=&#8221;||0px||false|false&#8221; custom_padding_tablet=&#8221;||0px||false|false&#8221; custom_padding_last_edited=&#8221;on|desktop&#8221; _i=&#8221;0&#8243; _address=&#8221;9.0.0&#8243; custom_padding__hover=&#8221;|||&#8221;][et_pb_signup provider=&#8221;hubspot&#8221; hubspot_list=&#8221;PLACE team|11&#8243; success_message=&#8221;Thanks! We&#8217;ll be in touch.&#8221; title=&#8221;Sign-up here to never miss a beat&#8221; button_text=&#8221;Sign me up!&#8221; module_id=&#8221;skinny&#8221; _builder_version=&#8221;3.27.4&#8243; header_font=&#8221;Havelock Solid||||||||&#8221; header_font_size=&#8221;22px&#8221; header_letter_spacing=&#8221;-2px&#8221; header_line_height=&#8221;2.2em&#8221; body_font=&#8221;Sequel Roman Body||||||||&#8221; body_font_size=&#8221;16px&#8221; body_line_height=&#8221;1.2em&#8221; result_message_font=&#8221;||||||||&#8221; form_field_font=&#8221;Sequel Roman Body||||||||&#8221; form_field_text_align=&#8221;center&#8221; form_field_font_size=&#8221;14px&#8221; background_color=&#8221;#e95226&#8243; border_radii_fields=&#8221;on|5px|5px|5px|5px&#8221; border_width_all_fields=&#8221;3px&#8221; border_color_all_fields=&#8221;#ffffff&#8221; custom_button=&#8221;on&#8221; button_text_size=&#8221;14px&#8221; button_text_color=&#8221;#ffffff&#8221; button_border_width=&#8221;3px&#8221; button_border_radius=&#8221;13px&#8221; button_letter_spacing=&#8221;0px&#8221; button_font=&#8221;Montserrat|600|||||||&#8221; button_icon=&#8221;%%302%%&#8221; max_width_last_edited=&#8221;on|tablet&#8221; min_height_last_edited=&#8221;on|phone&#8221; height_last_edited=&#8221;on|desktop&#8221; custom_margin=&#8221;14px||-1px||false|false&#8221; custom_margin_tablet=&#8221;||0px||false|false&#8221; custom_margin_last_edited=&#8221;on|tablet&#8221; custom_padding=&#8221;1em||1em||true|false&#8221; custom_padding_tablet=&#8221;0em||2em||false|false&#8221; custom_padding_phone=&#8221;0em||2em||false|false&#8221; custom_padding_last_edited=&#8221;on|phone&#8221; _i=&#8221;0&#8243; _address=&#8221;9.0.0.0&#8243;][\/et_pb_signup][\/et_pb_column][\/et_pb_row][\/et_pb_section]<\/p>","protected":false},"excerpt":{"rendered":"<p>My Image, My Story, est le programme phare de leadership de PLACE destin\u00e9 aux migrants et aux r\u00e9fugi\u00e9s afin d&#039;explorer leur potentiel en tant que leaders dans une Europe en \u00e9volution rapide. My Image, My Story, est le programme phare de leadership de PLACE destin\u00e9 aux migrants et aux r\u00e9fugi\u00e9s pour explorer leur potentiel en tant que leaders dans une une Europe en \u00e9volution rapide. En tant que membre d\u2019une communaut\u00e9 dynamique de pairs, [\u2026]<\/p>","protected":false},"author":1,"featured_media":0,"parent":0,"menu_order":0,"comment_status":"closed","ping_status":"closed","template":"","meta":{"_et_pb_use_builder":"on","_et_pb_old_content":"","_et_gb_content_width":"","_monsterinsights_skip_tracking":false,"_monsterinsights_sitenote_active":false,"_monsterinsights_sitenote_note":"","_monsterinsights_sitenote_category":0,"footnotes":""},"yoast_head":"<!-- This site is optimized with the Yoast SEO plugin v21.5 - https:\/\/yoast.com\/wordpress\/plugins\/seo\/ -->\n<title>My image, My story - PLACE<\/title>\n<meta name=\"robots\" content=\"index, follow, max-snippet:-1, max-image-preview:large, max-video-preview:-1\" \/>\n<link rel=\"canonical\" href=\"https:\/\/place-network.org\/fr\/mims-2\/\" \/>\n<meta property=\"og:locale\" content=\"fr_FR\" \/>\n<meta property=\"og:type\" content=\"article\" \/>\n<meta property=\"og:title\" content=\"My image, My story - PLACE\" \/>\n<meta property=\"og:description\" content=\"My Image, My Story, is PLACE\u2019s flagship leadership program for migrants and refugees to explore their potential as leaders in a rapidly changing Europe.My Image, My Story, is PLACE\u2019s flagship leadership program for migrants and refugees to explore their potential as leaders in a rapidly changing Europe.As a part of a vibrant community of peers, [&hellip;]\" \/>\n<meta property=\"og:url\" content=\"https:\/\/place-network.org\/fr\/mims-2\/\" \/>\n<meta property=\"og:site_name\" content=\"PLACE\" \/>\n<meta property=\"article:modified_time\" content=\"2020-01-14T09:02:20+00:00\" \/>\n<meta name=\"twitter:card\" content=\"summary_large_image\" \/>\n<meta name=\"twitter:label1\" content=\"Dur\u00e9e de lecture estim\u00e9e\" \/>\n\t<meta name=\"twitter:data1\" content=\"21 minutes\" \/>\n<script type=\"application\/ld+json\" class=\"yoast-schema-graph\">{\"@context\":\"https:\/\/schema.org\",\"@graph\":[{\"@type\":\"WebPage\",\"@id\":\"https:\/\/place-network.org\/mims-2\/\",\"url\":\"https:\/\/place-network.org\/mims-2\/\",\"name\":\"My image, My story - PLACE\",\"isPartOf\":{\"@id\":\"https:\/\/place-network.org\/#website\"},\"datePublished\":\"2019-10-09T15:01:59+00:00\",\"dateModified\":\"2020-01-14T09:02:20+00:00\",\"breadcrumb\":{\"@id\":\"https:\/\/place-network.org\/mims-2\/#breadcrumb\"},\"inLanguage\":\"fr-FR\",\"potentialAction\":[{\"@type\":\"ReadAction\",\"target\":[\"https:\/\/place-network.org\/mims-2\/\"]}]},{\"@type\":\"BreadcrumbList\",\"@id\":\"https:\/\/place-network.org\/mims-2\/#breadcrumb\",\"itemListElement\":[{\"@type\":\"ListItem\",\"position\":1,\"name\":\"Home\",\"item\":\"https:\/\/place-network.org\/\"},{\"@type\":\"ListItem\",\"position\":2,\"name\":\"My image, My story\"}]},{\"@type\":\"WebSite\",\"@id\":\"https:\/\/place-network.org\/#website\",\"url\":\"https:\/\/place-network.org\/\",\"name\":\"PLACE\",\"description\":\"Migrant-led innovation\",\"potentialAction\":[{\"@type\":\"SearchAction\",\"target\":{\"@type\":\"EntryPoint\",\"urlTemplate\":\"https:\/\/place-network.org\/?s={search_term_string}\"},\"query-input\":\"required name=search_term_string\"}],\"inLanguage\":\"fr-FR\"}]}<\/script>\n<!-- \/ Yoast SEO plugin. -->","yoast_head_json":{"title":"My image, My story - PLACE","robots":{"index":"index","follow":"follow","max-snippet":"max-snippet:-1","max-image-preview":"max-image-preview:large","max-video-preview":"max-video-preview:-1"},"canonical":"https:\/\/place-network.org\/fr\/mims-2\/","og_locale":"fr_FR","og_type":"article","og_title":"My image, My story - PLACE","og_description":"My Image, My Story, is PLACE\u2019s flagship leadership program for migrants and refugees to explore their potential as leaders in a rapidly changing Europe.My Image, My Story, is PLACE\u2019s flagship leadership program for migrants and refugees to explore their potential as leaders in a rapidly changing Europe.As a part of a vibrant community of peers, [&hellip;]","og_url":"https:\/\/place-network.org\/fr\/mims-2\/","og_site_name":"PLACE","article_modified_time":"2020-01-14T09:02:20+00:00","twitter_card":"summary_large_image","twitter_misc":{"Dur\u00e9e de lecture estim\u00e9e":"21 minutes"},"schema":{"@context":"https:\/\/schema.org","@graph":[{"@type":"WebPage","@id":"https:\/\/place-network.org\/mims-2\/","url":"https:\/\/place-network.org\/mims-2\/","name":"My image, My story - PLACE","isPartOf":{"@id":"https:\/\/place-network.org\/#website"},"datePublished":"2019-10-09T15:01:59+00:00","dateModified":"2020-01-14T09:02:20+00:00","breadcrumb":{"@id":"https:\/\/place-network.org\/mims-2\/#breadcrumb"},"inLanguage":"fr-FR","potentialAction":[{"@type":"ReadAction","target":["https:\/\/place-network.org\/mims-2\/"]}]},{"@type":"BreadcrumbList","@id":"https:\/\/place-network.org\/mims-2\/#breadcrumb","itemListElement":[{"@type":"ListItem","position":1,"name":"Home","item":"https:\/\/place-network.org\/"},{"@type":"ListItem","position":2,"name":"My image, My story"}]},{"@type":"WebSite","@id":"https:\/\/place-network.org\/#website","url":"https:\/\/place-network.org\/","name":"PLACE","description":"Migrant-led innovation","potentialAction":[{"@type":"SearchAction","target":{"@type":"EntryPoint","urlTemplate":"https:\/\/place-network.org\/?s={search_term_string}"},"query-input":"required name=search_term_string"}],"inLanguage":"fr-FR"}]}},"_links":{"self":[{"href":"https:\/\/place-network.org\/fr\/wp-json\/wp\/v2\/pages\/5247"}],"collection":[{"href":"https:\/\/place-network.org\/fr\/wp-json\/wp\/v2\/pages"}],"about":[{"href":"https:\/\/place-network.org\/fr\/wp-json\/wp\/v2\/types\/page"}],"author":[{"embeddable":true,"href":"https:\/\/place-network.org\/fr\/wp-json\/wp\/v2\/users\/1"}],"replies":[{"embeddable":true,"href":"https:\/\/place-network.org\/fr\/wp-json\/wp\/v2\/comments?post=5247"}],"version-history":[{"count":69,"href":"https:\/\/place-network.org\/fr\/wp-json\/wp\/v2\/pages\/5247\/revisions"}],"predecessor-version":[{"id":6091,"href":"https:\/\/place-network.org\/fr\/wp-json\/wp\/v2\/pages\/5247\/revisions\/6091"}],"wp:attachment":[{"href":"https:\/\/place-network.org\/fr\/wp-json\/wp\/v2\/media?parent=5247"}],"curies":[{"name":"wp","href":"https:\/\/api.w.org\/{rel}","templated":true}]}}